{"id":15,"date":"2023-03-10T11:51:45","date_gmt":"2023-03-10T11:51:45","guid":{"rendered":"https:\/\/www.ipecon.sk\/?page_id=15"},"modified":"2024-03-26T10:21:05","modified_gmt":"2024-03-26T10:21:05","slug":"tepelna-technika-a-energetika-2","status":"publish","type":"page","link":"https:\/\/www.ipecon.sk\/en\/tepelna-technika-a-energetika-2\/","title":{"rendered":"Heat technology and energy"},"content":{"rendered":"<p>[et_pb_section fb_built=&#8220;1&#8243; _builder_version=&#8220;4.19.4&#8243; _module_preset=&#8220;default&#8220; background_color=&#8220;RGBA(255,255,255,0)&#8220; background_image=&#8220;https:\/\/www.ipecon.sk\/wp-content\/uploads\/2023\/05\/pozadie-tte.png&#8220; background_blend=&#8220;overlay&#8220; background_last_edited=&#8220;on|desktop&#8220; global_colors_info=&#8220;{}&#8220;][et_pb_row _builder_version=&#8220;4.19.4&#8243; _module_preset=&#8220;default&#8220; global_colors_info=&#8220;{}&#8220;][et_pb_column type=&#8220;4_4&#8243; _builder_version=&#8220;4.19.4&#8243; _module_preset=&#8220;default&#8220; global_colors_info=&#8220;{}&#8220;][et_pb_text _builder_version=&#8220;4.19.4&#8243; _module_preset=&#8220;default&#8220; header_font=&#8220;|700||on|||||&#8220; header_text_align=&#8220;center&#8220; header_text_color=&#8220;#000000&#8243; header_font_size=&#8220;43px&#8220; header_font_size_tablet=&#8220;35px&#8220; header_font_size_phone=&#8220;25px&#8220; header_font_size_last_edited=&#8220;on|tablet&#8220; header_line_height_tablet=&#8220;&#8220; header_line_height_phone=&#8220;30px&#8220; header_line_height_last_edited=&#8220;on|phone&#8220; global_colors_info=&#8220;{}&#8220;]<\/p>\n<h1>Tepeln\u00e1 technika a energetika<\/h1>\n<p>[\/et_pb_text][et_pb_text _builder_version=&#8220;4.19.4&#8243; _module_preset=&#8220;default&#8220; text_font=&#8220;|300||on|||||&#8220; text_text_color=&#8220;#000000&#8243; text_font_size=&#8220;15px&#8220; text_line_height=&#8220;30px&#8220; header_font=&#8220;|700||on|||||&#8220; header_text_align=&#8220;center&#8220; header_text_color=&#8220;#FFFFFF&#8220; header_font_size=&#8220;43px&#8220; text_orientation=&#8220;center&#8220; custom_margin=&#8220;-40px||||false|false&#8220; custom_margin_tablet=&#8220;-40px||||false|false&#8220; custom_margin_phone=&#8220;0px||||false|false&#8220; custom_margin_last_edited=&#8220;on|tablet&#8220; custom_padding=&#8220;||||false|false&#8220; text_font_size_tablet=&#8220;15px&#8220; text_font_size_phone=&#8220;15px&#8220; text_font_size_last_edited=&#8220;on|desktop&#8220; text_line_height_tablet=&#8220;30px&#8220; text_line_height_phone=&#8220;30px&#8220; text_line_height_last_edited=&#8220;on|desktop&#8220; header_font_size_tablet=&#8220;25px&#8220; header_font_size_phone=&#8220;25px&#8220; header_font_size_last_edited=&#8220;on|tablet&#8220; header_line_height_tablet=&#8220;25px&#8220; header_line_height_phone=&#8220;30px&#8220; header_line_height_last_edited=&#8220;on|phone&#8220; global_colors_info=&#8220;{}&#8220;]<\/p>\n<p>Domov\u00a0 \/ Tepeln\u00e1 technika a energetika<\/p>\n<p>[\/et_pb_text][\/et_pb_column][\/et_pb_row][\/et_pb_section][et_pb_section fb_built=&#8220;1&#8243; _builder_version=&#8220;4.19.4&#8243; _module_preset=&#8220;default&#8220; custom_margin=&#8220;20px||||false|false&#8220; global_colors_info=&#8220;{}&#8220;][et_pb_row column_structure=&#8220;1_2,1_2&#8243; _builder_version=&#8220;4.19.4&#8243; _module_preset=&#8220;default&#8220; global_colors_info=&#8220;{}&#8220;][et_pb_column type=&#8220;1_2&#8243; _builder_version=&#8220;4.19.4&#8243; _module_preset=&#8220;default&#8220; global_colors_info=&#8220;{}&#8220;][et_pb_image src=&#8220;https:\/\/www.ipecon.sk\/wp-content\/uploads\/2023\/05\/pristroj.png&#8220; _builder_version=&#8220;4.19.4&#8243; _module_preset=&#8220;default&#8220; global_colors_info=&#8220;{}&#8220;][\/et_pb_image][\/et_pb_column][et_pb_column type=&#8220;1_2&#8243; _builder_version=&#8220;4.19.4&#8243; _module_preset=&#8220;default&#8220; custom_padding=&#8220;||||false|false&#8220; global_colors_info=&#8220;{}&#8220;][et_pb_text _builder_version=&#8220;4.19.4&#8243; _module_preset=&#8220;default&#8220; text_font=&#8220;|300||on|||||&#8220; text_text_color=&#8220;#7a7a7a&#8220; text_font_size=&#8220;20px&#8220; custom_margin=&#8220;40px|||-50px|false|false&#8220; custom_margin_tablet=&#8220;|||0px|false|false&#8220; custom_margin_phone=&#8220;|||0px|false|false&#8220; custom_margin_last_edited=&#8220;on|phone&#8220; custom_padding=&#8220;0px||0px||true|false&#8220; custom_padding_tablet=&#8220;0px||0px||true|false&#8220; custom_padding_phone=&#8220;0px||0px||true|false&#8220; custom_padding_last_edited=&#8220;on|desktop&#8220; text_font_size_tablet=&#8220;20px&#8220; text_font_size_phone=&#8220;20px&#8220; text_font_size_last_edited=&#8220;on|desktop&#8220; global_colors_info=&#8220;{}&#8220;]<\/p>\n<p>Tepeln\u00e1 technika a energetika<\/p>\n<p>[\/et_pb_text][et_pb_text _builder_version=&#8220;4.19.4&#8243; _module_preset=&#8220;default&#8220; custom_margin=&#8220;-55px|||-50px|false|false&#8220; custom_margin_tablet=&#8220;|||0px|false|false&#8220; custom_margin_phone=&#8220;|||0px|false|false&#8220; custom_margin_last_edited=&#8220;on|desktop&#8220; custom_padding=&#8220;0px||||false|false&#8220; custom_padding_tablet=&#8220;0px||||false|false&#8220; custom_padding_phone=&#8220;0px||||false|false&#8220; custom_padding_last_edited=&#8220;on|desktop&#8220; global_colors_info=&#8220;{}&#8220;]<\/p>\n<p><img decoding=\"async\" src=\"https:\/\/www.ipecon.sk\/wp-content\/uploads\/2023\/03\/zlta-ciara.png\" width=\"200\" height=\"3\" alt=\"zlta-ciara\" class=\"wp-image-598 alignnone size-full\" srcset=\"https:\/\/www.ipecon.sk\/wp-content\/uploads\/2023\/03\/zlta-ciara.png 200w, https:\/\/www.ipecon.sk\/wp-content\/uploads\/2023\/03\/zlta-ciara-100x3.png 100w, https:\/\/www.ipecon.sk\/wp-content\/uploads\/2023\/03\/zlta-ciara-150x3.png 150w\" sizes=\"(max-width: 200px) 100vw, 200px\" \/><\/p>\n<p>[\/et_pb_text][et_pb_text _builder_version=&#8220;4.19.4&#8243; _module_preset=&#8220;default&#8220; text_font=&#8220;|700||on|||||&#8220; text_font_size=&#8220;40px&#8220; custom_margin=&#8220;|||-50px|false|false&#8220; custom_margin_tablet=&#8220;|||0px|false|false&#8220; custom_margin_phone=&#8220;|||0px|false|false&#8220; custom_margin_last_edited=&#8220;on|tablet&#8220; custom_padding=&#8220;1px|||||&#8220; hover_enabled=&#8220;0&#8243; text_font_size_tablet=&#8220;40px&#8220; text_font_size_phone=&#8220;25px&#8220; text_font_size_last_edited=&#8220;on|desktop&#8220; global_colors_info=&#8220;{}&#8220; sticky_enabled=&#8220;0&#8243;]<\/p>\n<p id=\"nove-stroje\">V energetike sme doma<\/p>\n<p>[\/et_pb_text][et_pb_text _builder_version=&#8220;4.19.4&#8243; _module_preset=&#8220;default&#8220; text_line_height=&#8220;25px&#8220; width=&#8220;115%&#8220; custom_margin=&#8220;|||-50px|false|false&#8220; custom_margin_tablet=&#8220;|||0px|false|false&#8220; custom_margin_phone=&#8220;|||0px|false|false&#8220; custom_margin_last_edited=&#8220;on|phone&#8220; custom_padding=&#8220;||||false|false&#8220; hover_enabled=&#8220;0&#8243; global_colors_info=&#8220;{}&#8220; sticky_enabled=&#8220;0&#8243;]<\/p>\n<p>Je to u\u017e 30 rokov, odkedy pon\u00fakame \u0161irok\u00fa paletu slu\u017eieb a\u00a0rie\u0161en\u00ed pre na\u0161ich z\u00e1kazn\u00edkov v\u00a0oblastiach energetiky, v\u00fdroby a\u00a0rozvodu tepla a priemyselnej automatiz\u00e1cie. Vlastn\u00fdmi kapacitami pokr\u00fdvame cel\u00fd cyklus od poradenstva a\u00a0projekcie cez v\u00fdrobu zariaden\u00ed, ich automatiz\u00e1ciu a\u00a0implement\u00e1ciu do IT \u0161trukt\u00far a\u017e po sprev\u00e1dzkovanie a servis po\u010das celej \u017eivotnosti.<\/p>\n<p>[\/et_pb_text][\/et_pb_column][\/et_pb_row][\/et_pb_section][et_pb_section fb_built=&#8220;1&#8243; _builder_version=&#8220;4.19.4&#8243; _module_preset=&#8220;default&#8220; custom_margin=&#8220;50px||||false|false&#8220; global_colors_info=&#8220;{}&#8220;][et_pb_row column_structure=&#8220;2_5,3_5&#8243; _builder_version=&#8220;4.19.4&#8243; _module_preset=&#8220;default&#8220; global_colors_info=&#8220;{}&#8220;][et_pb_column type=&#8220;2_5&#8243; _builder_version=&#8220;4.19.4&#8243; _module_preset=&#8220;default&#8220; global_colors_info=&#8220;{}&#8220;][et_pb_image src=&#8220;https:\/\/www.ipecon.sk\/wp-content\/uploads\/2023\/05\/centralne-zasobovanie-teplom.png&#8220; _builder_version=&#8220;4.19.4&#8243; _module_preset=&#8220;default&#8220; global_colors_info=&#8220;{}&#8220;][\/et_pb_image][\/et_pb_column][et_pb_column type=&#8220;3_5&#8243; _builder_version=&#8220;4.19.4&#8243; _module_preset=&#8220;default&#8220; global_colors_info=&#8220;{}&#8220;][et_pb_text _builder_version=&#8220;4.19.4&#8243; _module_preset=&#8220;default&#8220; text_font=&#8220;|700||on|||||&#8220; text_font_size=&#8220;40px&#8220; text_line_height=&#8220;58px&#8220; custom_margin=&#8220;20px|||-25px|false|false&#8220; custom_margin_tablet=&#8220;|||0px|false|false&#8220; custom_margin_phone=&#8220;20px|||0px|false|false&#8220; custom_margin_last_edited=&#8220;on|tablet&#8220; text_font_size_tablet=&#8220;40px&#8220; text_font_size_phone=&#8220;25px&#8220; text_font_size_last_edited=&#8220;on|desktop&#8220; global_colors_info=&#8220;{}&#8220;]<\/p>\n<p id=\"1\">Centr\u00e1lne<br \/>\nz\u00e1sobovanie teplom<\/p>\n<p>[\/et_pb_text][et_pb_text _builder_version=&#8220;4.19.4&#8243; _module_preset=&#8220;default&#8220; text_line_height=&#8220;25px&#8220; width=&#8220;100%&#8220; custom_margin=&#8220;|||-25px|false|false&#8220; custom_margin_tablet=&#8220;|||0px|false|false&#8220; custom_margin_phone=&#8220;|||0px|false|false&#8220; custom_margin_last_edited=&#8220;on|phone&#8220; custom_padding=&#8220;20px||||false|false&#8220; global_colors_info=&#8220;{}&#8220;]<\/p>\n<p>Pre subjekty, ktor\u00e9 podnikaj\u00fa v\u00a0oblasti distrib\u00facie a dod\u00e1vky tepla sme partnerom, ktor\u00fd im poskytne komplexn\u00fa paletu dod\u00e1vok a\u00a0slu\u017eieb. Od vyhodnotenia stavu distribu\u010dnej siete a\u00a0n\u00e1vrhu optimaliz\u00e1ci\u00ed, cez vypracovanie projektovej dokument\u00e1cie, v\u00fdrobu, dod\u00e1vku a\u00a0sprev\u00e1dzkovanie navrhnut\u00fdch zariaden\u00ed, dispe\u010deriz\u00e1ciu a\u017e po dia\u013ekov\u00fd zber d\u00e1t a\u00a0servisn\u00e9 slu\u017eby. Patr\u00edme k\u00a0v\u00fdznamn\u00fdm v\u00fdrobcom odovzd\u00e1vac\u00edch stan\u00edc tepla a\u00a0tempera\u010dn\u00fdch stan\u00edc v\u00a0stredoeur\u00f3pskom priestore.<\/p>\n<p>[\/et_pb_text][\/et_pb_column][\/et_pb_row][\/et_pb_section][et_pb_section fb_built=&#8220;1&#8243; admin_label=&#8220;druhe&#8220; _builder_version=&#8220;4.19.4&#8243; _module_preset=&#8220;default&#8220; custom_margin=&#8220;20px||||false|false&#8220; global_colors_info=&#8220;{}&#8220;][et_pb_row column_structure=&#8220;3_5,2_5&#8243; _builder_version=&#8220;4.19.4&#8243; _module_preset=&#8220;default&#8220; custom_padding=&#8220;0px||0px||false|false&#8220; global_colors_info=&#8220;{}&#8220;][et_pb_column type=&#8220;3_5&#8243; _builder_version=&#8220;4.19.4&#8243; _module_preset=&#8220;default&#8220; global_colors_info=&#8220;{}&#8220;][et_pb_text _builder_version=&#8220;4.19.4&#8243; _module_preset=&#8220;default&#8220; text_font=&#8220;|700||on|||||&#8220; text_font_size=&#8220;40px&#8220; text_line_height=&#8220;58px&#8220; custom_margin=&#8220;60px||||false|false&#8220; custom_margin_tablet=&#8220;|||0px|false|false&#8220; custom_margin_phone=&#8220;20px|||0px|false|false&#8220; custom_margin_last_edited=&#8220;on|tablet&#8220; text_font_size_tablet=&#8220;40px&#8220; text_font_size_phone=&#8220;25px&#8220; text_font_size_last_edited=&#8220;on|desktop&#8220; global_colors_info=&#8220;{}&#8220;]<\/p>\n<p id=\"2\">V\u00fdroba tepla<\/p>\n<p>[\/et_pb_text][et_pb_text _builder_version=&#8220;4.19.4&#8243; _module_preset=&#8220;default&#8220; text_line_height=&#8220;25px&#8220; width=&#8220;100%&#8220; custom_margin=&#8220;||||false|false&#8220; custom_margin_tablet=&#8220;|||0px|false|false&#8220; custom_margin_phone=&#8220;|||0px|false|false&#8220; custom_margin_last_edited=&#8220;on|phone&#8220; custom_padding=&#8220;20px||0px||false|false&#8220; global_colors_info=&#8220;{}&#8220;]<\/p>\n<p>V\u00fdrobcom tepla pon\u00fakame na\u0161e dlhoro\u010dn\u00e9 sk\u00fasenosti pri projekci\u00ed a\u00a0realiz\u00e1ci\u00ed zdrojov tepla. Po zbere d\u00e1t a\u00a0ich anal\u00fdze porad\u00edme prev\u00e1dzkovate\u013eom existuj\u00facich zdrojov, ako optimalizova\u0165 ich prev\u00e1dzku. Po\u010das na\u0161ej existencie sme naprojektovali, postavili a\u00a0sprev\u00e1dzkovali desiatky zdrojov s\u00a0tepeln\u00fdmi v\u00fdkonmi od desiatok kilowattov a\u017e do desiatok megawattov. O\u00a0niektor\u00e9 z\u00a0nich sa dodnes star\u00e1me v r\u00e1mci servisu a\u00a0dipe\u010deriz\u00e1cie.<\/p>\n<p>[\/et_pb_text][\/et_pb_column][et_pb_column type=&#8220;2_5&#8243; _builder_version=&#8220;4.19.4&#8243; _module_preset=&#8220;default&#8220; global_colors_info=&#8220;{}&#8220;][et_pb_image src=&#8220;https:\/\/www.ipecon.sk\/wp-content\/uploads\/2023\/05\/vyroba-tepla.png&#8220; align=&#8220;center&#8220; _builder_version=&#8220;4.19.4&#8243; _module_preset=&#8220;default&#8220; global_colors_info=&#8220;{}&#8220;][\/et_pb_image][\/et_pb_column][\/et_pb_row][\/et_pb_section][et_pb_section fb_built=&#8220;1&#8243; _builder_version=&#8220;4.19.4&#8243; _module_preset=&#8220;default&#8220; custom_margin=&#8220;50px||||false|false&#8220; global_colors_info=&#8220;{}&#8220;][et_pb_row column_structure=&#8220;2_5,3_5&#8243; _builder_version=&#8220;4.19.4&#8243; _module_preset=&#8220;default&#8220; global_colors_info=&#8220;{}&#8220;][et_pb_column type=&#8220;2_5&#8243; _builder_version=&#8220;4.19.4&#8243; _module_preset=&#8220;default&#8220; global_colors_info=&#8220;{}&#8220;][et_pb_image src=&#8220;https:\/\/www.ipecon.sk\/wp-content\/uploads\/2023\/05\/kombinovana.png&#8220; _builder_version=&#8220;4.19.4&#8243; _module_preset=&#8220;default&#8220; global_colors_info=&#8220;{}&#8220;][\/et_pb_image][\/et_pb_column][et_pb_column type=&#8220;3_5&#8243; _builder_version=&#8220;4.19.4&#8243; _module_preset=&#8220;default&#8220; global_colors_info=&#8220;{}&#8220;][et_pb_text _builder_version=&#8220;4.19.4&#8243; _module_preset=&#8220;default&#8220; text_font=&#8220;|700||on|||||&#8220; text_font_size=&#8220;40px&#8220; text_line_height=&#8220;58px&#8220; custom_margin=&#8220;20px|||-25px|false|false&#8220; custom_margin_tablet=&#8220;|||0px|false|false&#8220; custom_margin_phone=&#8220;20px|||0px|false|false&#8220; custom_margin_last_edited=&#8220;on|tablet&#8220; text_font_size_tablet=&#8220;40px&#8220; text_font_size_phone=&#8220;25px&#8220; text_font_size_last_edited=&#8220;on|desktop&#8220; global_colors_info=&#8220;{}&#8220;]<\/p>\n<p id=\"3\">Kombinovan\u00e1 v\u00fdroba tepla a elektriny<\/p>\n<p>[\/et_pb_text][et_pb_text _builder_version=&#8220;4.19.4&#8243; _module_preset=&#8220;default&#8220; text_line_height=&#8220;25px&#8220; width=&#8220;100%&#8220; custom_margin=&#8220;|||-25px|false|false&#8220; custom_margin_tablet=&#8220;|||0px|false|false&#8220; custom_margin_phone=&#8220;|||0px|false|false&#8220; custom_margin_last_edited=&#8220;on|phone&#8220; custom_padding=&#8220;20px||||false|false&#8220; global_colors_info=&#8220;{}&#8220;]<\/p>\n<p>Z\u00e1ujemcom o\u00a0kombinovan\u00fa v\u00fdrobu tepla a\u00a0elektriny poskytneme podporu pri investi\u010dnej pr\u00edprave a spracovan\u00ed projektovej dokument\u00e1cie. V\u00a0oblasti kombinovanej v\u00fdroby tepla a\u00a0elektriny m\u00e1me bohat\u00e9 projek\u010dn\u00e9 a\u00a0realiza\u010dn\u00e9 sk\u00fasenosti. Z\u00a0d\u00f4verou sa obr\u00e1\u0165te na n\u00e1s a\u00a0my V\u00e1m odprezentujeme na\u0161e know-how.<\/p>\n<p>[\/et_pb_text][\/et_pb_column][\/et_pb_row][\/et_pb_section][et_pb_section fb_built=&#8220;1&#8243; admin_label=&#8220;druhe&#8220; _builder_version=&#8220;4.19.4&#8243; _module_preset=&#8220;default&#8220; custom_margin=&#8220;20px||||false|false&#8220; global_colors_info=&#8220;{}&#8220;][et_pb_row column_structure=&#8220;3_5,2_5&#8243; _builder_version=&#8220;4.19.4&#8243; _module_preset=&#8220;default&#8220; custom_padding=&#8220;0px||0px||false|false&#8220; global_colors_info=&#8220;{}&#8220;][et_pb_column type=&#8220;3_5&#8243; _builder_version=&#8220;4.19.4&#8243; _module_preset=&#8220;default&#8220; global_colors_info=&#8220;{}&#8220;][et_pb_text _builder_version=&#8220;4.19.4&#8243; _module_preset=&#8220;default&#8220; text_font=&#8220;|700||on|||||&#8220; text_font_size=&#8220;40px&#8220; text_line_height=&#8220;58px&#8220; custom_margin=&#8220;60px||||false|false&#8220; custom_margin_tablet=&#8220;|||0px|false|false&#8220; custom_margin_phone=&#8220;20px|||0px|false|false&#8220; custom_margin_last_edited=&#8220;on|tablet&#8220; text_font_size_tablet=&#8220;40px&#8220; text_font_size_phone=&#8220;25px&#8220; text_font_size_last_edited=&#8220;on|desktop&#8220; global_colors_info=&#8220;{}&#8220;]<\/p>\n<p id=\"4\">Obnovite\u013en\u00e9 zdroje tepla<\/p>\n<p>[\/et_pb_text][et_pb_text _builder_version=&#8220;4.19.4&#8243; _module_preset=&#8220;default&#8220; text_line_height=&#8220;25px&#8220; width=&#8220;100%&#8220; custom_margin=&#8220;||||false|false&#8220; custom_margin_tablet=&#8220;|||0px|false|false&#8220; custom_margin_phone=&#8220;|||0px|false|false&#8220; custom_margin_last_edited=&#8220;on|phone&#8220; custom_padding=&#8220;20px||||false|false&#8220; global_colors_info=&#8220;{}&#8220;]<\/p>\n<p>Spolo\u010dnosti IPECON z\u00e1le\u017e\u00ed na tom, aby bol svet ak\u00fd ho pozn\u00e1me dnes, zachovan\u00fd aj pre nasleduj\u00face gener\u00e1cie. Jednou z\u00a0v\u00fdziev tejto doby je aj udr\u017eate\u013enos\u0165 pri v\u00fdrobe tepelnej energie. Vid\u00edme rie\u0161enia v\u00a0hospod\u00e1ren\u00ed a\u00a0\u00faspor\u00e1ch energie a\u00a0tie\u017e v\u00a0z\u00edskavan\u00ed tepla z\u00a0obnovite\u013en\u00fdch zdrojov. Sme pripraven\u00fd na spolupr\u00e1cu pri budovan\u00ed novej \u201ezelenej\u201c energetiky a klientom pon\u00fakame na\u0161e kompetencie aj v\u00a0tejto oblasti.<\/p>\n<p>[\/et_pb_text][\/et_pb_column][et_pb_column type=&#8220;2_5&#8243; _builder_version=&#8220;4.19.4&#8243; _module_preset=&#8220;default&#8220; global_colors_info=&#8220;{}&#8220;][et_pb_image src=&#8220;https:\/\/www.ipecon.sk\/wp-content\/uploads\/2023\/05\/obnovitelne.png&#8220; align=&#8220;center&#8220; _builder_version=&#8220;4.19.4&#8243; _module_preset=&#8220;default&#8220; global_colors_info=&#8220;{}&#8220;][\/et_pb_image][\/et_pb_column][\/et_pb_row][\/et_pb_section][et_pb_section fb_built=&#8220;1&#8243; _builder_version=&#8220;4.19.4&#8243; _module_preset=&#8220;default&#8220; custom_margin=&#8220;50px||||false|false&#8220; global_colors_info=&#8220;{}&#8220;][et_pb_row column_structure=&#8220;2_5,3_5&#8243; _builder_version=&#8220;4.19.4&#8243; _module_preset=&#8220;default&#8220; global_colors_info=&#8220;{}&#8220;][et_pb_column type=&#8220;2_5&#8243; _builder_version=&#8220;4.19.4&#8243; _module_preset=&#8220;default&#8220; global_colors_info=&#8220;{}&#8220;][et_pb_image src=&#8220;https:\/\/www.ipecon.sk\/wp-content\/uploads\/2023\/05\/gumarensky.png&#8220; _builder_version=&#8220;4.19.4&#8243; _module_preset=&#8220;default&#8220; global_colors_info=&#8220;{}&#8220;][\/et_pb_image][\/et_pb_column][et_pb_column type=&#8220;3_5&#8243; _builder_version=&#8220;4.19.4&#8243; _module_preset=&#8220;default&#8220; global_colors_info=&#8220;{}&#8220;][et_pb_text _builder_version=&#8220;4.19.4&#8243; _module_preset=&#8220;default&#8220; text_font=&#8220;|700||on|||||&#8220; text_font_size=&#8220;40px&#8220; text_line_height=&#8220;58px&#8220; custom_margin=&#8220;20px|||-25px|false|false&#8220; custom_margin_tablet=&#8220;|||0px|false|false&#8220; custom_margin_phone=&#8220;20px|||0px|false|false&#8220; custom_margin_last_edited=&#8220;on|tablet&#8220; text_font_size_tablet=&#8220;40px&#8220; text_font_size_phone=&#8220;25px&#8220; text_font_size_last_edited=&#8220;on|desktop&#8220; global_colors_info=&#8220;{}&#8220;]<\/p>\n<p id=\"5\">Gum\u00e1rensk\u00fd priemysel<\/p>\n<p>[\/et_pb_text][et_pb_text _builder_version=&#8220;4.19.4&#8243; _module_preset=&#8220;default&#8220; text_line_height=&#8220;25px&#8220; width=&#8220;100%&#8220; custom_margin=&#8220;|||-25px|false|false&#8220; custom_margin_tablet=&#8220;|||0px|false|false&#8220; custom_margin_phone=&#8220;|||0px|false|false&#8220; custom_margin_last_edited=&#8220;on|phone&#8220; custom_padding=&#8220;20px||||false|false&#8220; global_colors_info=&#8220;{}&#8220;]<\/p>\n<p>Pre na\u0161ich dlhoro\u010dn\u00fdch klientov v\u00a0oblasti v\u00fdvoja a v\u00fdroby gum\u00e1rensk\u00fdch strojov a\u00a0liniek navrhujeme a vyr\u00e1bame tempera\u010dn\u00e9 stanice. Aj v\u010faka nim sme sa etablovali ako sk\u00fasen\u00fd a\u00a0spo\u013eahliv\u00fd dod\u00e1vate\u013e tempera\u010dn\u00fdch stan\u00edc pre v\u00e4\u010d\u0161inu svetov\u00fdch v\u00fdrobcov gumy a\u00a0gum\u00e1rensk\u00fdch v\u00fdrobkov.<\/p>\n<p>[\/et_pb_text][\/et_pb_column][\/et_pb_row][\/et_pb_section][et_pb_section fb_built=&#8220;1&#8243; admin_label=&#8220;nase sluzby vyuzili&#8220; _builder_version=&#8220;4.19.4&#8243; _module_preset=&#8220;default&#8220; background_color=&#8220;#f5f5f5&#8243; custom_margin=&#8220;||||false|false&#8220; custom_padding=&#8220;90px||28px||false|false&#8220; collapsed=&#8220;off&#8220; global_colors_info=&#8220;{}&#8220;][et_pb_row _builder_version=&#8220;4.19.4&#8243; _module_preset=&#8220;default&#8220; custom_padding=&#8220;||0px|||&#8220; global_colors_info=&#8220;{}&#8220;][et_pb_column type=&#8220;4_4&#8243; _builder_version=&#8220;4.19.4&#8243; _module_preset=&#8220;default&#8220; global_colors_info=&#8220;{}&#8220;][et_pb_text admin_label=&#8220;Na\u0161e slu\u017eby vyu\u017eili&#8220; _builder_version=&#8220;4.19.4&#8243; _module_preset=&#8220;default&#8220; text_font=&#8220;|700||on|||||&#8220; text_font_size=&#8220;40px&#8220; text_orientation=&#8220;center&#8220; width=&#8220;100%&#8220; width_tablet=&#8220;120%&#8220; width_phone=&#8220;100%&#8220; width_last_edited=&#8220;on|phone&#8220; custom_padding_tablet=&#8220;||||false|false&#8220; custom_padding_phone=&#8220;||||false|false&#8220; custom_padding_last_edited=&#8220;on|tablet&#8220; text_font_size_tablet=&#8220;40px&#8220; text_font_size_phone=&#8220;40px&#8220; text_font_size_last_edited=&#8220;on|desktop&#8220; text_orientation_tablet=&#8220;&#8220; text_orientation_phone=&#8220;center&#8220; text_orientation_last_edited=&#8220;on|phone&#8220; global_colors_info=&#8220;{}&#8220;]<\/p>\n<p>Na\u0161e slu\u017eby vyu\u017eili<\/p>\n<p>[\/et_pb_text][et_pb_text _builder_version=&#8220;4.19.4&#8243; _module_preset=&#8220;default&#8220; text_orientation=&#8220;center&#8220; custom_margin=&#8220;-45px||||false|false&#8220; custom_margin_tablet=&#8220;||||false|false&#8220; custom_margin_phone=&#8220;||||false|false&#8220; custom_margin_last_edited=&#8220;on|phone&#8220; custom_padding=&#8220;0px||||false|false&#8220; custom_padding_tablet=&#8220;0px||||false|false&#8220; custom_padding_phone=&#8220;0px||||false|false&#8220; custom_padding_last_edited=&#8220;on|desktop&#8220; text_orientation_tablet=&#8220;&#8220; text_orientation_phone=&#8220;center&#8220; text_orientation_last_edited=&#8220;on|phone&#8220; global_colors_info=&#8220;{}&#8220;]<\/p>\n<p><img decoding=\"async\" src=\"https:\/\/www.ipecon.sk\/wp-content\/uploads\/2023\/03\/zlta-ciara.png\" width=\"200\" height=\"3\" alt=\"zlta-ciara\" class=\"wp-image-598 alignnone size-full\" srcset=\"https:\/\/www.ipecon.sk\/wp-content\/uploads\/2023\/03\/zlta-ciara.png 200w, https:\/\/www.ipecon.sk\/wp-content\/uploads\/2023\/03\/zlta-ciara-100x3.png 100w, https:\/\/www.ipecon.sk\/wp-content\/uploads\/2023\/03\/zlta-ciara-150x3.png 150w\" sizes=\"(max-width: 200px) 100vw, 200px\" \/><\/p>\n<p>[\/et_pb_text][\/et_pb_column][\/et_pb_row][\/et_pb_section][et_pb_section fb_built=&#8220;1&#8243; _builder_version=&#8220;4.19.4&#8243; _module_preset=&#8220;default&#8220; background_color=&#8220;#F5F5F5&#8243; custom_padding=&#8220;4px||70px||false|false&#8220; collapsed=&#8220;off&#8220; global_colors_info=&#8220;{}&#8220;][et_pb_row use_custom_gutter=&#8220;on&#8220; gutter_width=&#8220;2&#8243; _builder_version=&#8220;4.19.4&#8243; _module_preset=&#8220;default&#8220; width=&#8220;100%&#8220; global_colors_info=&#8220;{}&#8220;][et_pb_column type=&#8220;4_4&#8243; _builder_version=&#8220;4.19.4&#8243; _module_preset=&#8220;default&#8220; global_colors_info=&#8220;{}&#8220;][dica_divi_carousel show_items_desktop=&#8220;5&#8243; show_items_mobile=&#8220;2&#8243; centermode=&#8220;on&#8220; loop=&#8220;on&#8220; autoplay=&#8220;on&#8220; hoverpause=&#8220;on&#8220; scroller_effect=&#8220;on&#8220; transition_duration_scroll=&#8220;10000&#8243; advanced_effect=&#8220;1&#8243; _builder_version=&#8220;4.19.4&#8243; _module_preset=&#8220;default&#8220; global_colors_info=&#8220;{}&#8220;][dica_divi_carouselitem admin_label=&#8220;konstrukta&#8220; button_url_new_window=&#8220;1&#8243; image=&#8220;https:\/\/www.ipecon.sk\/wp-content\/uploads\/2023\/04\/konstrukta.jpg&#8220; _builder_version=&#8220;4.19.4&#8243; _module_preset=&#8220;default&#8220; global_colors_info=&#8220;{}&#8220;][\/dica_divi_carouselitem][dica_divi_carouselitem admin_label=&#8220;gge&#8220; button_url_new_window=&#8220;1&#8243; image=&#8220;https:\/\/www.ipecon.sk\/wp-content\/uploads\/2023\/04\/gge.jpg&#8220; _builder_version=&#8220;4.19.4&#8243; _module_preset=&#8220;default&#8220; global_colors_info=&#8220;{}&#8220;][\/dica_divi_carouselitem][dica_divi_carouselitem admin_label=&#8220;continental&#8220; button_url_new_window=&#8220;1&#8243; image=&#8220;https:\/\/www.ipecon.sk\/wp-content\/uploads\/2023\/04\/continental.png&#8220; _builder_version=&#8220;4.19.4&#8243; _module_preset=&#8220;default&#8220; global_colors_info=&#8220;{}&#8220;][\/dica_divi_carouselitem][dica_divi_carouselitem admin_label=&#8220;apollo&#8220; button_url_new_window=&#8220;1&#8243; image=&#8220;https:\/\/www.ipecon.sk\/wp-content\/uploads\/2023\/04\/apollo.jpg&#8220; _builder_version=&#8220;4.19.4&#8243; _module_preset=&#8220;default&#8220; global_colors_info=&#8220;{}&#8220;][\/dica_divi_carouselitem][dica_divi_carouselitem admin_label=&#8220;steve&#8220; button_url_new_window=&#8220;1&#8243; image=&#8220;https:\/\/www.ipecon.sk\/wp-content\/uploads\/2023\/04\/steve.png&#8220; _builder_version=&#8220;4.19.4&#8243; _module_preset=&#8220;default&#8220; global_colors_info=&#8220;{}&#8220;][\/dica_divi_carouselitem][\/dica_divi_carousel][\/et_pb_column][\/et_pb_row][\/et_pb_section]<\/p>\n","protected":false},"excerpt":{"rendered":"<p>Tepeln\u00e1 technika a energetikaDomov\u00a0 \/ Tepeln\u00e1 technika a energetikaTepeln\u00e1 technika a energetikaV energetike sme domaJe to u\u017e 30 rokov, odkedy pon\u00fakame \u0161irok\u00fa paletu slu\u017eieb a\u00a0rie\u0161en\u00ed pre na\u0161ich z\u00e1kazn\u00edkov v\u00a0oblastiach energetiky, v\u00fdroby a\u00a0rozvodu tepla a priemyselnej automatiz\u00e1cie. Vlastn\u00fdmi kapacitami pokr\u00fdvame cel\u00fd cyklus od poradenstva a\u00a0projekcie cez v\u00fdrobu zariaden\u00ed, ich automatiz\u00e1ciu a\u00a0implement\u00e1ciu do IT \u0161trukt\u00far a\u017e po [&hellip;]<\/p>\n","protected":false},"author":1,"featured_media":0,"parent":0,"menu_order":0,"comment_status":"closed","ping_status":"closed","template":"","meta":{"_acf_changed":false,"_et_pb_use_builder":"on","_et_pb_old_content":"","_et_gb_content_width":"","footnotes":""},"class_list":["post-15","page","type-page","status-publish","hentry"],"acf":[],"yoast_head":"<!-- This site is optimized with the Yoast SEO plugin v27.4 - https:\/\/yoast.com\/product\/yoast-seo-wordpress\/ -->\n<title>Tepeln\u00e1 technika a energetika - IPECON<\/title>\n<meta name=\"robots\" content=\"index, follow, max-snippet:-1, max-image-preview:large, max-video-preview:-1\" \/>\n<link rel=\"canonical\" href=\"https:\/\/www.ipecon.sk\/en\/tepelna-technika-a-energetika-2\/\" \/>\n<meta property=\"og:locale\" content=\"en_GB\" \/>\n<meta property=\"og:type\" content=\"article\" \/>\n<meta property=\"og:title\" content=\"Tepeln\u00e1 technika a energetika - IPECON\" \/>\n<meta property=\"og:description\" content=\"Tepeln\u00e1 technika a energetikaDomov\u00a0 \/ Tepeln\u00e1 technika a energetikaTepeln\u00e1 technika a energetikaV energetike sme domaJe to u\u017e 30 rokov, odkedy pon\u00fakame \u0161irok\u00fa paletu slu\u017eieb a\u00a0rie\u0161en\u00ed pre na\u0161ich z\u00e1kazn\u00edkov v\u00a0oblastiach energetiky, v\u00fdroby a\u00a0rozvodu tepla a priemyselnej automatiz\u00e1cie. Vlastn\u00fdmi kapacitami pokr\u00fdvame cel\u00fd cyklus od poradenstva a\u00a0projekcie cez v\u00fdrobu zariaden\u00ed, ich automatiz\u00e1ciu a\u00a0implement\u00e1ciu do IT \u0161trukt\u00far a\u017e po [&hellip;]\" \/>\n<meta property=\"og:url\" content=\"https:\/\/www.ipecon.sk\/en\/tepelna-technika-a-energetika-2\/\" \/>\n<meta property=\"og:site_name\" content=\"IPECON\" \/>\n<meta property=\"article:modified_time\" content=\"2024-03-26T10:21:05+00:00\" \/>\n<meta property=\"og:image\" content=\"https:\/\/www.ipecon.sk\/wp-content\/uploads\/2023\/03\/zlta-ciara.png\" \/>\n<meta name=\"twitter:card\" content=\"summary_large_image\" \/>\n<script type=\"application\/ld+json\" class=\"yoast-schema-graph\">{\"@context\":\"https:\\\/\\\/schema.org\",\"@graph\":[{\"@type\":\"WebPage\",\"@id\":\"https:\\\/\\\/www.ipecon.sk\\\/tepelna-technika-a-energetika-2\\\/\",\"url\":\"https:\\\/\\\/www.ipecon.sk\\\/tepelna-technika-a-energetika-2\\\/\",\"name\":\"Tepeln\u00e1 technika a energetika - IPECON\",\"isPartOf\":{\"@id\":\"https:\\\/\\\/www.ipecon.sk\\\/#website\"},\"primaryImageOfPage\":{\"@id\":\"https:\\\/\\\/www.ipecon.sk\\\/tepelna-technika-a-energetika-2\\\/#primaryimage\"},\"image\":{\"@id\":\"https:\\\/\\\/www.ipecon.sk\\\/tepelna-technika-a-energetika-2\\\/#primaryimage\"},\"thumbnailUrl\":\"https:\\\/\\\/www.ipecon.sk\\\/wp-content\\\/uploads\\\/2023\\\/03\\\/zlta-ciara.png\",\"datePublished\":\"2023-03-10T11:51:45+00:00\",\"dateModified\":\"2024-03-26T10:21:05+00:00\",\"breadcrumb\":{\"@id\":\"https:\\\/\\\/www.ipecon.sk\\\/tepelna-technika-a-energetika-2\\\/#breadcrumb\"},\"inLanguage\":\"en-GB\",\"potentialAction\":[{\"@type\":\"ReadAction\",\"target\":[\"https:\\\/\\\/www.ipecon.sk\\\/tepelna-technika-a-energetika-2\\\/\"]}]},{\"@type\":\"ImageObject\",\"inLanguage\":\"en-GB\",\"@id\":\"https:\\\/\\\/www.ipecon.sk\\\/tepelna-technika-a-energetika-2\\\/#primaryimage\",\"url\":\"https:\\\/\\\/www.ipecon.sk\\\/wp-content\\\/uploads\\\/2023\\\/03\\\/zlta-ciara.png\",\"contentUrl\":\"https:\\\/\\\/www.ipecon.sk\\\/wp-content\\\/uploads\\\/2023\\\/03\\\/zlta-ciara.png\"},{\"@type\":\"BreadcrumbList\",\"@id\":\"https:\\\/\\\/www.ipecon.sk\\\/tepelna-technika-a-energetika-2\\\/#breadcrumb\",\"itemListElement\":[{\"@type\":\"ListItem\",\"position\":1,\"name\":\"Home\",\"item\":\"https:\\\/\\\/www.ipecon.sk\\\/\"},{\"@type\":\"ListItem\",\"position\":2,\"name\":\"Tepeln\u00e1 technika a energetika\"}]},{\"@type\":\"WebSite\",\"@id\":\"https:\\\/\\\/www.ipecon.sk\\\/#website\",\"url\":\"https:\\\/\\\/www.ipecon.sk\\\/\",\"name\":\"IPECON\",\"description\":\"\",\"potentialAction\":[{\"@type\":\"SearchAction\",\"target\":{\"@type\":\"EntryPoint\",\"urlTemplate\":\"https:\\\/\\\/www.ipecon.sk\\\/?s={search_term_string}\"},\"query-input\":{\"@type\":\"PropertyValueSpecification\",\"valueRequired\":true,\"valueName\":\"search_term_string\"}}],\"inLanguage\":\"en-GB\"}]}<\/script>\n<!-- \/ Yoast SEO plugin. -->","yoast_head_json":{"title":"Tepeln\u00e1 technika a energetika - IPECON","robots":{"index":"index","follow":"follow","max-snippet":"max-snippet:-1","max-image-preview":"max-image-preview:large","max-video-preview":"max-video-preview:-1"},"canonical":"https:\/\/www.ipecon.sk\/en\/tepelna-technika-a-energetika-2\/","og_locale":"en_GB","og_type":"article","og_title":"Tepeln\u00e1 technika a energetika - IPECON","og_description":"Tepeln\u00e1 technika a energetikaDomov\u00a0 \/ Tepeln\u00e1 technika a energetikaTepeln\u00e1 technika a energetikaV energetike sme domaJe to u\u017e 30 rokov, odkedy pon\u00fakame \u0161irok\u00fa paletu slu\u017eieb a\u00a0rie\u0161en\u00ed pre na\u0161ich z\u00e1kazn\u00edkov v\u00a0oblastiach energetiky, v\u00fdroby a\u00a0rozvodu tepla a priemyselnej automatiz\u00e1cie. Vlastn\u00fdmi kapacitami pokr\u00fdvame cel\u00fd cyklus od poradenstva a\u00a0projekcie cez v\u00fdrobu zariaden\u00ed, ich automatiz\u00e1ciu a\u00a0implement\u00e1ciu do IT \u0161trukt\u00far a\u017e po [&hellip;]","og_url":"https:\/\/www.ipecon.sk\/en\/tepelna-technika-a-energetika-2\/","og_site_name":"IPECON","article_modified_time":"2024-03-26T10:21:05+00:00","og_image":[{"url":"https:\/\/www.ipecon.sk\/wp-content\/uploads\/2023\/03\/zlta-ciara.png","type":"","width":"","height":""}],"twitter_card":"summary_large_image","schema":{"@context":"https:\/\/schema.org","@graph":[{"@type":"WebPage","@id":"https:\/\/www.ipecon.sk\/tepelna-technika-a-energetika-2\/","url":"https:\/\/www.ipecon.sk\/tepelna-technika-a-energetika-2\/","name":"Tepeln\u00e1 technika a energetika - IPECON","isPartOf":{"@id":"https:\/\/www.ipecon.sk\/#website"},"primaryImageOfPage":{"@id":"https:\/\/www.ipecon.sk\/tepelna-technika-a-energetika-2\/#primaryimage"},"image":{"@id":"https:\/\/www.ipecon.sk\/tepelna-technika-a-energetika-2\/#primaryimage"},"thumbnailUrl":"https:\/\/www.ipecon.sk\/wp-content\/uploads\/2023\/03\/zlta-ciara.png","datePublished":"2023-03-10T11:51:45+00:00","dateModified":"2024-03-26T10:21:05+00:00","breadcrumb":{"@id":"https:\/\/www.ipecon.sk\/tepelna-technika-a-energetika-2\/#breadcrumb"},"inLanguage":"en-GB","potentialAction":[{"@type":"ReadAction","target":["https:\/\/www.ipecon.sk\/tepelna-technika-a-energetika-2\/"]}]},{"@type":"ImageObject","inLanguage":"en-GB","@id":"https:\/\/www.ipecon.sk\/tepelna-technika-a-energetika-2\/#primaryimage","url":"https:\/\/www.ipecon.sk\/wp-content\/uploads\/2023\/03\/zlta-ciara.png","contentUrl":"https:\/\/www.ipecon.sk\/wp-content\/uploads\/2023\/03\/zlta-ciara.png"},{"@type":"BreadcrumbList","@id":"https:\/\/www.ipecon.sk\/tepelna-technika-a-energetika-2\/#breadcrumb","itemListElement":[{"@type":"ListItem","position":1,"name":"Home","item":"https:\/\/www.ipecon.sk\/"},{"@type":"ListItem","position":2,"name":"Tepeln\u00e1 technika a energetika"}]},{"@type":"WebSite","@id":"https:\/\/www.ipecon.sk\/#website","url":"https:\/\/www.ipecon.sk\/","name":"IPECON","description":"","potentialAction":[{"@type":"SearchAction","target":{"@type":"EntryPoint","urlTemplate":"https:\/\/www.ipecon.sk\/?s={search_term_string}"},"query-input":{"@type":"PropertyValueSpecification","valueRequired":true,"valueName":"search_term_string"}}],"inLanguage":"en-GB"}]}},"_links":{"self":[{"href":"https:\/\/www.ipecon.sk\/en\/wp-json\/wp\/v2\/pages\/15","targetHints":{"allow":["GET"]}}],"collection":[{"href":"https:\/\/www.ipecon.sk\/en\/wp-json\/wp\/v2\/pages"}],"about":[{"href":"https:\/\/www.ipecon.sk\/en\/wp-json\/wp\/v2\/types\/page"}],"author":[{"embeddable":true,"href":"https:\/\/www.ipecon.sk\/en\/wp-json\/wp\/v2\/users\/1"}],"replies":[{"embeddable":true,"href":"https:\/\/www.ipecon.sk\/en\/wp-json\/wp\/v2\/comments?post=15"}],"version-history":[{"count":4,"href":"https:\/\/www.ipecon.sk\/en\/wp-json\/wp\/v2\/pages\/15\/revisions"}],"predecessor-version":[{"id":5786,"href":"https:\/\/www.ipecon.sk\/en\/wp-json\/wp\/v2\/pages\/15\/revisions\/5786"}],"wp:attachment":[{"href":"https:\/\/www.ipecon.sk\/en\/wp-json\/wp\/v2\/media?parent=15"}],"curies":[{"name":"wp","href":"https:\/\/api.w.org\/{rel}","templated":true}]}}